{"id":3007,"date":"2017-01-03T13:17:48","date_gmt":"2017-01-03T13:17:48","guid":{"rendered":"http:\/\/konferencija.zvu.hr\/?page_id=3007"},"modified":"2025-07-01T09:16:38","modified_gmt":"2025-07-01T09:16:38","slug":"organizacija","status":"publish","type":"page","link":"https:\/\/konferencija.zvu.hr\/prevencijom-do-zdravlja\/homehr\/organizacija\/","title":{"rendered":"ORGANIZACIJA"},"content":{"rendered":"<div class=\"wpb-content-wrapper\"><p>[vc_column][\/vc_column][vc_row][vc_column][vc_empty_space][\/vc_column][\/vc_row][vc_row][vc_column width=&#8221;1\/2&#8243;][vc_column_text css=&#8221;&#8221;]<\/p>\n<h3 style=\"text-align: center;\">ORGANIZACIJSKI<br \/>\nODBOR<\/h3>\n<p>&nbsp;<\/p>\n<h4 style=\"text-align: center;\">PREDSJEDNIK<\/h4>\n<p>&nbsp;<\/p>\n<p><strong><img loading=\"lazy\" decoding=\"async\" class=\"aligncenter wp-image-4798 size-thumbnail\" src=\"https:\/\/konferencija.zvu.hr\/prevencijom-do-zdravlja\/wp-content\/uploads\/sites\/7\/RAENOVI_OZREN_71870100270_1741687574-150x150.jpeg\" alt=\"\" width=\"150\" height=\"150\" srcset=\"https:\/\/konferencija.zvu.hr\/prevencijom-do-zdravlja\/wp-content\/uploads\/sites\/7\/RAENOVI_OZREN_71870100270_1741687574-150x150.jpeg 150w, https:\/\/konferencija.zvu.hr\/prevencijom-do-zdravlja\/wp-content\/uploads\/sites\/7\/RAENOVI_OZREN_71870100270_1741687574-300x300.jpeg 300w, https:\/\/konferencija.zvu.hr\/prevencijom-do-zdravlja\/wp-content\/uploads\/sites\/7\/RAENOVI_OZREN_71870100270_1741687574.jpeg 400w\" sizes=\"auto, (max-width: 150px) 100vw, 150px\" \/><\/strong><\/p>\n<p style=\"text-align: center;\">Ozren Ra\u0111enovi\u0107<\/p>\n<p>[\/vc_column_text][\/vc_column][vc_column width=&#8221;1\/2&#8243;][vc_column_text css=&#8221;&#8221;]<\/p>\n<h3 style=\"text-align: center;\">PROGRAMSKO ZNANSTVENI<br \/>\nODBOR<\/h3>\n<h4><\/h4>\n<p>&nbsp;<\/p>\n<h4 style=\"text-align: center;\">PREDSJEDNIK<\/h4>\n<p>&nbsp;<\/p>\n<p><img loading=\"lazy\" decoding=\"async\" class=\"aligncenter wp-image-4766 size-thumbnail\" src=\"https:\/\/konferencija.zvu.hr\/prevencijom-do-zdravlja\/wp-content\/uploads\/sites\/7\/ZURA_NIKOLINO_84231738592_1741937643-150x150.jpeg\" alt=\"\" width=\"150\" height=\"150\" srcset=\"https:\/\/konferencija.zvu.hr\/prevencijom-do-zdravlja\/wp-content\/uploads\/sites\/7\/ZURA_NIKOLINO_84231738592_1741937643-150x150.jpeg 150w, https:\/\/konferencija.zvu.hr\/prevencijom-do-zdravlja\/wp-content\/uploads\/sites\/7\/ZURA_NIKOLINO_84231738592_1741937643-300x300.jpeg 300w, https:\/\/konferencija.zvu.hr\/prevencijom-do-zdravlja\/wp-content\/uploads\/sites\/7\/ZURA_NIKOLINO_84231738592_1741937643.jpeg 400w\" sizes=\"auto, (max-width: 150px) 100vw, 150px\" \/><\/p>\n<p style=\"text-align: center;\">Nikolino \u017dura<\/p>\n<p>[\/vc_column_text][\/vc_column][\/vc_row][vc_row][vc_column][vc_empty_space][\/vc_column][\/vc_row][vc_row][vc_column width=&#8221;1\/2&#8243;][vc_column_text css=&#8221;&#8221;]<\/p>\n<h4 style=\"text-align: center;\">\u010cLANOVI ORGANIZACIJSKOG ODBORA<\/h4>\n<p style=\"text-align: center;\">Zoran Bahtijarevi\u0107, Hrvatska<br \/>\nSandra Domjani\u0107 Drozdek, Hrvatska<br \/>\nMarina Horvat Ti\u0161lar, Hrvatska<br \/>\nIvo Hrvat, Hrvatska<br \/>\nIvan Jurak, Hrvatska<br \/>\nIvica Kostrec, Hrvatska<br \/>\nOlivera Petrak, Hrvatska<br \/>\nEdina Puli\u0107, Hrvatska<br \/>\nMelita Rukavina, Hrvatska<\/p>\n<p>[\/vc_column_text][\/vc_column][vc_column width=&#8221;1\/2&#8243;][vc_column_text css=&#8221;&#8221;]<\/p>\n<h4 style=\"text-align: center;\"><strong>\u010cLANOVI PROGRAMSKO ZNANSTVENOG ODBORA<\/strong><\/h4>\n<p style=\"text-align: center;\">Andreja Bartolac, Hrvatska<br \/>\nJasna Bo\u0161nir, Hrvatska<br \/>\nRenata \u010cop, Austrija<br \/>\nLukrecija Jaku\u0161, Hrvatska<br \/>\nIvna Kocijan, Hrvatska<br \/>\nRusu Ligia, Rumunjska<br \/>\nAna Mojsovi\u0107 \u0106ui\u0107, Hrvatska<br \/>\nAlenka Oven, Slovenija<br \/>\nMirjana Telebuh, Hrvatska<br \/>\nKlaudija Vi\u0161kovi\u0107, Hrvatska<br \/>\nTomislav Vlahovi\u0107, Hrvatska<\/p>\n<p>[\/vc_column_text][\/vc_column][\/vc_row][vc_row][vc_column][vc_empty_space][\/vc_column][\/vc_row]<\/p>\n<\/div>","protected":false},"excerpt":{"rendered":"<p>[vc_column][\/vc_column][vc_row][vc_column][vc_empty_space][\/vc_column][\/vc_row][vc_row][vc_column width=&#8221;1\/2&#8243;][vc_column_text css=&#8221;&#8221;] ORGANIZACIJSKI ODBOR &nbsp; PREDSJEDNIK &nbsp; Ozren Ra\u0111enovi\u0107 [\/vc_column_text][\/vc_column][vc_column width=&#8221;1\/2&#8243;][vc_column_text css=&#8221;&#8221;] PROGRAMSKO ZNANSTVENI ODBOR &nbsp; PREDSJEDNIK &nbsp; Nikolino \u017dura [\/vc_column_text][\/vc_column][\/vc_row][vc_row][vc_column][vc_empty_space][\/vc_column][\/vc_row][vc_row][vc_column width=&#8221;1\/2&#8243;][vc_column_text [&hellip;]<\/p>\n","protected":false},"author":1,"featured_media":0,"parent":2973,"menu_order":4,"comment_status":"closed","ping_status":"closed","template":"","meta":{"footnotes":""},"class_list":["post-3007","page","type-page","status-publish","hentry"],"_links":{"self":[{"href":"https:\/\/konferencija.zvu.hr\/prevencijom-do-zdravlja\/wp-json\/wp\/v2\/pages\/3007","targetHints":{"allow":["GET"]}}],"collection":[{"href":"https:\/\/konferencija.zvu.hr\/prevencijom-do-zdravlja\/wp-json\/wp\/v2\/pages"}],"about":[{"href":"https:\/\/konferencija.zvu.hr\/prevencijom-do-zdravlja\/wp-json\/wp\/v2\/types\/page"}],"author":[{"embeddable":true,"href":"https:\/\/konferencija.zvu.hr\/prevencijom-do-zdravlja\/wp-json\/wp\/v2\/users\/1"}],"replies":[{"embeddable":true,"href":"https:\/\/konferencija.zvu.hr\/prevencijom-do-zdravlja\/wp-json\/wp\/v2\/comments?post=3007"}],"version-history":[{"count":49,"href":"https:\/\/konferencija.zvu.hr\/prevencijom-do-zdravlja\/wp-json\/wp\/v2\/pages\/3007\/revisions"}],"predecessor-version":[{"id":4805,"href":"https:\/\/konferencija.zvu.hr\/prevencijom-do-zdravlja\/wp-json\/wp\/v2\/pages\/3007\/revisions\/4805"}],"up":[{"embeddable":true,"href":"https:\/\/konferencija.zvu.hr\/prevencijom-do-zdravlja\/wp-json\/wp\/v2\/pages\/2973"}],"wp:attachment":[{"href":"https:\/\/konferencija.zvu.hr\/prevencijom-do-zdravlja\/wp-json\/wp\/v2\/media?parent=3007"}],"curies":[{"name":"wp","href":"https:\/\/api.w.org\/{rel}","templated":true}]}}